{"id":1006,"date":"2016-04-26T11:08:30","date_gmt":"2016-04-26T10:08:30","guid":{"rendered":"https:\/\/dev.effe.ch\/de\/?page_id=1006"},"modified":"2020-02-06T13:57:09","modified_gmt":"2020-02-06T12:57:09","slug":"integrationsprogramme","status":"publish","type":"page","link":"https:\/\/effe.ch\/de\/integrationsprogramme\/","title":{"rendered":"Integrationsprogramme"},"content":{"rendered":"<div class=\"fusion-fullwidth fullwidth-box fusion-builder-row-1 hundred-percent-fullwidth non-hundred-percent-height-scrolling\" style=\"--awb-border-radius-top-left:0px;--awb-border-radius-top-right:0px;--awb-border-radius-bottom-right:0px;--awb-border-radius-bottom-left:0px;--awb-overflow:visible;--awb-flex-wrap:wrap;\" ><div class=\"fusion-builder-row fusion-row\"><div class=\"fusion-layout-column fusion_builder_column fusion-builder-column-0 fusion_builder_column_1_1 1_1 fusion-one-full fusion-column-first fusion-column-last\" style=\"--awb-bg-size:cover;--awb-margin-bottom:40px;\"><div class=\"fusion-column-wrapper fusion-flex-column-wrapper-legacy\"><div class=\"fusion-title title fusion-title-1 fusion-title-text fusion-title-size-one\"><h1 class=\"fusion-title-heading title-heading-left\" style=\"margin:0;\">Integrationsprogramme<\/h1><span class=\"awb-title-spacer\"><\/span><div class=\"title-sep-container\"><div class=\"title-sep sep-single sep-solid\" style=\"border-color:#e0dede;\"><\/div><\/div><\/div><div class=\"fusion-clearfix\"><\/div><\/div><\/div><div class=\"fusion-layout-column fusion_builder_column fusion-builder-column-1 fusion_builder_column_1_1 1_1 fusion-one-full fusion-column-first fusion-column-last\" style=\"--awb-bg-size:cover;\"><div class=\"fusion-column-wrapper fusion-flex-column-wrapper-legacy\"><style type=\"text\/css\">.fusion-portfolio-wrapper#fusion-portfolio-1 .fusion-portfolio-content{ padding: 25px 25px 25px 25px; text-align: left; }<\/style><div class=\"fusion-recent-works fusion-portfolio-element fusion-portfolio fusion-portfolio-1 fusion-portfolio-grid fusion-portfolio-paging-infinite fusion-portfolio-three fusion-portfolio-boxed fusion-portfolio-text fusion-portfolio-equal-heights fusion-portfolio-rollover\" data-id=\"-rw-1\" data-columns=\"three\"><style type=\"text\/css\">.fusion-portfolio-1 .fusion-portfolio-wrapper .fusion-col-spacing{padding:27.5px;}<\/style><div class=\"fusion-portfolio-wrapper\" id=\"fusion-portfolio-1\" data-picturesize=\"auto\" data-pages=\"1\" style=\"margin:-27.5px;\"><article id=\"portfolio-1-post-976\" class=\"fusion-portfolio-post home projekte fusion-col-spacing post-976\"><div class=\"fusion-portfolio-content-wrapper\" style=\"border:none;background-color:rgba(255,255,255,0);\"><div  class=\"fusion-image-wrapper\" aria-haspopup=\"true\">\n\t\t\t\t<img decoding=\"async\" width=\"548\" height=\"352\" src=\"https:\/\/effe.ch\/wp-content\/uploads\/2016\/04\/petitspas-e1553077144813.jpg\" class=\"attachment-full size-full wp-post-image\" alt=\"\" \/><div class=\"fusion-rollover\">\n\t<div class=\"fusion-rollover-content\">\n\n\t\t\t\t\t\t\t\t\t\t\t\t\t\t<a class=\"fusion-rollover-link\" href=\"https:\/\/effe.ch\/de\/weiterbildung\/schrittweise\/\">schritt:weise<\/a>\n\t\t\t\n\t\t\t\t\t\t\t\t\n\t\t\n\t\t\t\t\t\t\t\t\t\t\t\t<h4 class=\"fusion-rollover-title\">\n\t\t\t\t\t<a class=\"fusion-rollover-title-link\" href=\"https:\/\/effe.ch\/de\/weiterbildung\/schrittweise\/\">\n\t\t\t\t\t\tschritt:weise\t\t\t\t\t<\/a>\n\t\t\t\t<\/h4>\n\t\t\t\n\t\t\t\t\t\t\t\t\n\t\t\n\t\t\t\t\t\t<a class=\"fusion-link-wrapper\" href=\"https:\/\/effe.ch\/de\/weiterbildung\/schrittweise\/\" aria-label=\"schritt:weise\"><\/a>\n\t<\/div>\n<\/div>\n<\/div>\n<div class=\"fusion-portfolio-content\" style=\"background-color:rgba(255,255,255,0);\"><h2 class=\"fusion-post-title\"><a href=\"https:\/\/effe.ch\/de\/weiterbildung\/schrittweise\/\">schritt:weise<\/a><\/h2><div class=\"fusion-portfolio-meta\"><a href=\"https:\/\/effe.ch\/de\/formations-category\/home\/\" rel=\"tag\">Accueil<\/a>, <a href=\"https:\/\/effe.ch\/de\/formations-category\/projekte\/\" rel=\"tag\">Integrationsprogramme<\/a><\/div><div class=\"fusion-content-sep sep-single sep-solid\" style=\"border-color:#e0dede;\"><\/div><div class=\"fusion-post-content\"><p>   schritt:weise  Spiel- und Lernprogramm f\u00fcr Kinder zwischen 1 und 3 Jahren und ihre Eltern. Das Programm richtet sich speziell an Familien mit oder ohne Migrationshintergrund, die durch Krankheit, Isolation, prek\u00e4re Lebensumst\u00e4nde <a href=\"https:\/\/effe.ch\/de\/weiterbildung\/schrittweise\/\"> [...]<\/a><\/p><\/div><\/div><\/div><\/article><article id=\"portfolio-1-post-6368\" class=\"fusion-portfolio-post home projekte fusion-col-spacing post-6368\"><div class=\"fusion-portfolio-content-wrapper\" style=\"border:none;background-color:rgba(255,255,255,0);\"><div  class=\"fusion-image-wrapper\" aria-haspopup=\"true\">\n\t\t\t\t<img decoding=\"async\" width=\"1200\" height=\"770\" src=\"https:\/\/effe.ch\/wp-content\/uploads\/2020\/06\/Photo-ensemble-gemeinsam-e1670590337160.jpg\" class=\"attachment-full size-full wp-post-image\" alt=\"\" \/><div class=\"fusion-rollover\">\n\t<div class=\"fusion-rollover-content\">\n\n\t\t\t\t\t\t\t\t\t\t\t\t\t\t<a class=\"fusion-rollover-link\" href=\"https:\/\/effe.ch\/de\/weiterbildung\/seniorentische\/\">ensemble &#8211; gemeinsam (f\u00fcr SeniorInnen)<\/a>\n\t\t\t\n\t\t\t\t\t\t\t\t\n\t\t\n\t\t\t\t\t\t\t\t\t\t\t\t<h4 class=\"fusion-rollover-title\">\n\t\t\t\t\t<a class=\"fusion-rollover-title-link\" href=\"https:\/\/effe.ch\/de\/weiterbildung\/seniorentische\/\">\n\t\t\t\t\t\tensemble &#8211; gemeinsam (f\u00fcr SeniorInnen)\t\t\t\t\t<\/a>\n\t\t\t\t<\/h4>\n\t\t\t\n\t\t\t\t\t\t\t\t\n\t\t\n\t\t\t\t\t\t<a class=\"fusion-link-wrapper\" href=\"https:\/\/effe.ch\/de\/weiterbildung\/seniorentische\/\" aria-label=\"ensemble &#8211; gemeinsam (f\u00fcr SeniorInnen)\"><\/a>\n\t<\/div>\n<\/div>\n<\/div>\n<div class=\"fusion-portfolio-content\" style=\"background-color:rgba(255,255,255,0);\"><h2 class=\"fusion-post-title\"><a href=\"https:\/\/effe.ch\/de\/weiterbildung\/seniorentische\/\">ensemble &#8211; gemeinsam (f\u00fcr SeniorInnen)<\/a><\/h2><div class=\"fusion-portfolio-meta\"><a href=\"https:\/\/effe.ch\/de\/formations-category\/home\/\" rel=\"tag\">Accueil<\/a>, <a href=\"https:\/\/effe.ch\/de\/formations-category\/projekte\/\" rel=\"tag\">Integrationsprogramme<\/a><\/div><div class=\"fusion-content-sep sep-single sep-solid\" style=\"border-color:#e0dede;\"><\/div><div class=\"fusion-post-content\"><p>  ensemble - gemeinsam  Das Angebot richtet sich an Frauen und M\u00e4nner ab 55 aus Biel und Umgebung. In Gespr\u00e4chsrunden werden Themen wie Gesundheit, Lebensalltag sowie altersspezifische Fragen diskutiert.    Weiterf\u00fchrende <a href=\"https:\/\/effe.ch\/de\/weiterbildung\/seniorentische\/\"> [...]<\/a><\/p><\/div><\/div><\/div><\/article><article id=\"portfolio-1-post-1132\" class=\"fusion-portfolio-post home projekte fusion-col-spacing post-1132\"><div class=\"fusion-portfolio-content-wrapper\" style=\"border:none;background-color:rgba(255,255,255,0);\"><div  class=\"fusion-image-wrapper\" aria-haspopup=\"true\">\n\t\t\t\t<img decoding=\"async\" width=\"600\" height=\"385\" src=\"https:\/\/effe.ch\/wp-content\/uploads\/2016\/04\/Femmes-Tische.jpg\" class=\"attachment-full size-full wp-post-image\" alt=\"\" srcset=\"https:\/\/effe.ch\/wp-content\/uploads\/2016\/04\/Femmes-Tische-200x128.jpg 200w, https:\/\/effe.ch\/wp-content\/uploads\/2016\/04\/Femmes-Tische-400x257.jpg 400w, https:\/\/effe.ch\/wp-content\/uploads\/2016\/04\/Femmes-Tische.jpg 600w\" sizes=\"(min-width: 2200px) 100vw, (min-width: 824px) 353px, (min-width: 732px) 530px, (min-width: 640px) 732px, \" \/><div class=\"fusion-rollover\">\n\t<div class=\"fusion-rollover-content\">\n\n\t\t\t\t\t\t\t\t\t\t\t\t\t\t<a class=\"fusion-rollover-link\" href=\"https:\/\/effe.ch\/de\/weiterbildung\/femmestisches\/\">Femmes-Tische \/ M\u00e4nner-Tische<\/a>\n\t\t\t\n\t\t\t\t\t\t\t\t\n\t\t\n\t\t\t\t\t\t\t\t\t\t\t\t<h4 class=\"fusion-rollover-title\">\n\t\t\t\t\t<a class=\"fusion-rollover-title-link\" href=\"https:\/\/effe.ch\/de\/weiterbildung\/femmestisches\/\">\n\t\t\t\t\t\tFemmes-Tische \/ M\u00e4nner-Tische\t\t\t\t\t<\/a>\n\t\t\t\t<\/h4>\n\t\t\t\n\t\t\t\t\t\t\t\t\n\t\t\n\t\t\t\t\t\t<a class=\"fusion-link-wrapper\" href=\"https:\/\/effe.ch\/de\/weiterbildung\/femmestisches\/\" aria-label=\"Femmes-Tische \/ M\u00e4nner-Tische\"><\/a>\n\t<\/div>\n<\/div>\n<\/div>\n<div class=\"fusion-portfolio-content\" style=\"background-color:rgba(255,255,255,0);\"><h2 class=\"fusion-post-title\"><a href=\"https:\/\/effe.ch\/de\/weiterbildung\/femmestisches\/\">Femmes-Tische \/ M\u00e4nner-Tische<\/a><\/h2><div class=\"fusion-portfolio-meta\"><a href=\"https:\/\/effe.ch\/de\/formations-category\/home\/\" rel=\"tag\">Accueil<\/a>, <a href=\"https:\/\/effe.ch\/de\/formations-category\/projekte\/\" rel=\"tag\">Integrationsprogramme<\/a><\/div><div class=\"fusion-content-sep sep-single sep-solid\" style=\"border-color:#e0dede;\"><\/div><div class=\"fusion-post-content\"><p>  Femmes-Tische \/ M\u00e4nner-Tische  Ein Pr\u00e4ventions- und Gesundheitsf\u00f6rderungsprogramm mit dem Ziel, Personen mit Migrationserfahrung in Biel und Nidau bei ihrer Integration zu unterst\u00fctzen. effe bietet Femmes-Tische seit 2006 und M\u00e4nner-Tische seit 2020.  <a href=\"https:\/\/effe.ch\/de\/weiterbildung\/femmestisches\/\"> [...]<\/a><\/p><\/div><\/div><\/div><\/article><article id=\"portfolio-1-post-5627\" class=\"fusion-portfolio-post projekte fusion-col-spacing post-5627\"><div class=\"fusion-portfolio-content-wrapper\" style=\"border:none;background-color:rgba(255,255,255,0);\"><div  class=\"fusion-image-wrapper\" aria-haspopup=\"true\">\n\t\t\t\t<img decoding=\"async\" width=\"964\" height=\"677\" src=\"https:\/\/effe.ch\/wp-content\/uploads\/2018\/03\/jen_parle.jpg\" class=\"attachment-full size-full wp-post-image\" alt=\"\" srcset=\"https:\/\/effe.ch\/wp-content\/uploads\/2018\/03\/jen_parle-200x140.jpg 200w, https:\/\/effe.ch\/wp-content\/uploads\/2018\/03\/jen_parle-400x281.jpg 400w, https:\/\/effe.ch\/wp-content\/uploads\/2018\/03\/jen_parle-600x421.jpg 600w, https:\/\/effe.ch\/wp-content\/uploads\/2018\/03\/jen_parle-800x562.jpg 800w, https:\/\/effe.ch\/wp-content\/uploads\/2018\/03\/jen_parle.jpg 964w\" sizes=\"(min-width: 2200px) 100vw, (min-width: 824px) 353px, (min-width: 732px) 530px, (min-width: 640px) 732px, \" \/><div class=\"fusion-rollover\">\n\t<div class=\"fusion-rollover-content\">\n\n\t\t\t\t\t\t\t\t\t\t\t\t\t\t<a class=\"fusion-rollover-link\" href=\"https:\/\/effe.ch\/de\/weiterbildung\/gespraechsrunden\/\">Gespr\u00e4chsrunden \u00abj\u2019en parle\u00bb<\/a>\n\t\t\t\n\t\t\t\t\t\t\t\t\n\t\t\n\t\t\t\t\t\t\t\t\t\t\t\t<h4 class=\"fusion-rollover-title\">\n\t\t\t\t\t<a class=\"fusion-rollover-title-link\" href=\"https:\/\/effe.ch\/de\/weiterbildung\/gespraechsrunden\/\">\n\t\t\t\t\t\tGespr\u00e4chsrunden \u00abj\u2019en parle\u00bb\t\t\t\t\t<\/a>\n\t\t\t\t<\/h4>\n\t\t\t\n\t\t\t\t\t\t\t\t\n\t\t\n\t\t\t\t\t\t<a class=\"fusion-link-wrapper\" href=\"https:\/\/effe.ch\/de\/weiterbildung\/gespraechsrunden\/\" aria-label=\"Gespr\u00e4chsrunden \u00abj\u2019en parle\u00bb\"><\/a>\n\t<\/div>\n<\/div>\n<\/div>\n<div class=\"fusion-portfolio-content\" style=\"background-color:rgba(255,255,255,0);\"><h2 class=\"fusion-post-title\"><a href=\"https:\/\/effe.ch\/de\/weiterbildung\/gespraechsrunden\/\">Gespr\u00e4chsrunden \u00abj\u2019en parle\u00bb<\/a><\/h2><div class=\"fusion-portfolio-meta\"><a href=\"https:\/\/effe.ch\/de\/formations-category\/projekte\/\" rel=\"tag\">Integrationsprogramme<\/a><\/div><div class=\"fusion-content-sep sep-single sep-solid\" style=\"border-color:#e0dede;\"><\/div><div class=\"fusion-post-content\"><p>  Gespr\u00e4chsrunden \u00abj\u2019en parle\u00bb  Das gemeinsame Projekt von effe und Solidarit\u00e9 femmes mit Gespr\u00e4chsrunden zu h\u00e4uslicher Gewalt und Zwangsheirat informiert Personen mit Migrations- und Fluchterfahrung \u00fcber den Platz der Frau in der Schweiz, <a href=\"https:\/\/effe.ch\/de\/weiterbildung\/gespraechsrunden\/\"> [...]<\/a><\/p><\/div><\/div><\/div><\/article><\/div><\/div><div class=\"fusion-clearfix\"><\/div><\/div><\/div><\/div><\/div>\n","protected":false},"excerpt":{"rendered":"","protected":false},"author":3,"featured_media":1562,"parent":0,"menu_order":0,"comment_status":"closed","ping_status":"closed","template":"","meta":{"inline_featured_image":false,"footnotes":""},"class_list":["post-1006","page","type-page","status-publish","has-post-thumbnail","hentry"],"_links":{"self":[{"href":"https:\/\/effe.ch\/de\/wp-json\/wp\/v2\/pages\/1006","targetHints":{"allow":["GET"]}}],"collection":[{"href":"https:\/\/effe.ch\/de\/wp-json\/wp\/v2\/pages"}],"about":[{"href":"https:\/\/effe.ch\/de\/wp-json\/wp\/v2\/types\/page"}],"author":[{"embeddable":true,"href":"https:\/\/effe.ch\/de\/wp-json\/wp\/v2\/users\/3"}],"replies":[{"embeddable":true,"href":"https:\/\/effe.ch\/de\/wp-json\/wp\/v2\/comments?post=1006"}],"version-history":[{"count":0,"href":"https:\/\/effe.ch\/de\/wp-json\/wp\/v2\/pages\/1006\/revisions"}],"wp:featuredmedia":[{"embeddable":true,"href":"https:\/\/effe.ch\/de\/wp-json\/wp\/v2\/media\/1562"}],"wp:attachment":[{"href":"https:\/\/effe.ch\/de\/wp-json\/wp\/v2\/media?parent=1006"}],"curies":[{"name":"wp","href":"https:\/\/api.w.org\/{rel}","templated":true}]}}